{"version":"1.0","provider_name":"Tudom\u00e1ny","provider_url":"https:\/\/tudomany.cafeblog.hu","author_name":"Janguli","author_url":"https:\/\/tudomany.cafeblog.hu\/author\/janguli\/","title":"Mit\u0151l gyorsul az id\u0151?","html":"<p><span style=\"color: #99cc00\"><strong><img width=\"464\" height=\"386\" class=\"imgnotext\" alt=\"id\u0151\u00e9rz\u00e9kel\u00e9s-tavasz-\u0151sz.jpg\" src=\"http:\/\/m.cdn.blog.hu\/tu\/tudomany\/image\/id%C5%91%C3%A9rz%C3%A9kel%C3%A9s-tavasz-%C5%91sz.jpg\" \/><\/strong><\/span><\/p>\n<p><span style=\"color: #99cc00\"><strong>Lassan kezd\u0151dik, gyorsan v\u00e9gz\u0151dik, mi az? Maga az \u00e9let. De mib\u0151l ered ez az \u00e9rz\u00e9s, hogy a lapok egyre gyorsabban peregnek \u00e9let\u00fcnk k\u00f6nyv\u00e9ben? Tehet\u00fcnk-e valamit, hogy az id\u0151t lelass\u00edtsuk? Legal\u00e1bbis, amikor szeretn\u00e9nk. P\u00e9ld\u00e1ul, hogy ne \u00e9rezz\u00fck \u00fagy: az im\u00e9nt m\u00e9g \u00e9pp hogy csak tavasz volt, \u00e9s \u00edme, m\u00e1r megint z\u00f6r\u00f6gnek a s\u00e1rga levelek. A ford\u00edtottja, hogy a t\u00e9l csak \u00fagy elsz\u00e1ll, tal\u00e1n kellemesebb von\u00e1sa az id\u0151s\u00f6d\u0151k id\u0151\u00e9lm\u00e9ny\u00e9nek. \u00d6sszess\u00e9g\u00e9ben m\u00e9gsem szeretn\u00e9nk, hogy \u00e9let\u00fcnk \u00e9szlelt hossz\u00e1t csak \u00fagy megrabolja az id\u0151. Tehet\u00fcnk-e valamit, hogy bels\u0151 \u00f3r\u00e1inkat megfiatal\u00edtsuk?\u00a0<\/strong><\/span><\/p>\n<p><!--more--><\/p>\n<p><img width=\"253\" height=\"252\" class=\"imgright\" style=\"margin-left: 5px\" alt=\"id\u0151\u00e9rz\u00e9kel\u00e9s-william-james_1.jpg\" src=\"http:\/\/m.cdn.blog.hu\/tu\/tudomany\/image\/id%C5%91%C3%A9rz%C3%A9kel%C3%A9s-william-james_1.jpg\" \/>A pszichol\u00f3gia sz\u00fclet\u00e9sekor, a 19. sz\u00e1zad v\u00e9g\u00e9n k\u00e9t gy\u00f6keresen elt\u00e9r\u0151 magyar\u00e1zat sz\u00fcletett arra, mi\u00e9rt \u00e9rezz\u00fck abszurdnak, hogy \u00e9let\u00fcnk utols\u00f3 5 \u00e9ve ugyanannyi ideig tartott, mint a 10 \u00e9s 15 \u00e9ves korunk k\u00f6zti id\u0151. Az egyik magyar\u00e1zat az amerikai <span style=\"color: #ffcc00\">William James\u00e9.<\/span> Szerinte az \u00e9vek l\u00e1tsz\u00f3lagos r\u00f6vid\u00fcl\u00e9s\u00e9t az okozza, hogy mindink\u00e1bb egynem\u0171v\u00e9 v\u00e1lik az eml\u00e9kezet tartalma, ami miatt a visszatekint\u00e9s is leegyszer\u0171s\u00f6dik. <span style=\"color: #99cc00\">Fiatal \u00e9veinkben, \u00edrja James, szinte minden \u00f3r\u00e1ban \u00faj \u00e9lm\u00e9nnyel gazdagodunk, felfog\u00f3k\u00e9pess\u00e9g\u00fcnk \u00e9l\u00e9nk, \u00edgy az ebb\u0151l a korszakb\u00f3l val\u00f3 eml\u00e9keink, ak\u00e1r egy f\u00e1raszt\u00f3 utaz\u00e1sr\u00f3l sz\u00f3l\u00f3k, v\u00e1ltozatosak \u00e9s r\u00e9szletesek. \u00c1m ebb\u0151l az \u00e9lm\u00e9nyb\u0151l minden \u00e9vben a sz\u00fcrke megszok\u00e1s r\u00e9sz\u00e9v\u00e9 lesz valami, an\u00e9lk\u00fcl, hogy tudat\u00e1ban lenn\u00e9nk. Eml\u00e9kezet\u00fcnkben napok \u00e9s hetek mos\u00f3dnak \u00f6ssze tartalom n\u00e9lk\u00fcli egys\u00e9gg\u00e9; \u00e9vek \u00f6bl\u00f6s\u00f6dnek ki \u00e9s roskadnak \u00f6ssze.<\/span><\/p>\n<p>Igen \u00e1m, de nem vil\u00e1gos, mi\u00e9rt e megszok\u00e1s? K\u00e9zenfekv\u0151 magyar\u00e1zatnak t\u0171nik, hogy bizonyos \u00e9letkor ut\u00e1n ritkulnak az \u00fajszer\u0171 esem\u00e9nyek, egyre t\u00f6bb az ism\u00e9tl\u0151d\u00e9s: ritualiz\u00e1l\u00f3dnak a napok \u00e9s a hetek, megszokott\u00e1 v\u00e1lnak az \u00e9v ritmus\u00e1hoz illeszked\u0151 id\u0151jelz\u0151k, a kar\u00e1csonyok \u00e9s sz\u00fclet\u00e9snapok is.<\/p>\n<p>Egysz\u00f3val kevesebb \u00fajdons\u00e1g = gyorsul\u00f3 \u00e9vek? Lass\u00edtsunk, mert ez m\u00e9g nem a v\u00e9gs\u0151 magyar\u00e1zat. Egyesek le\u00edrj\u00e1k, hogy gyerekkorukban a nyarak, sajn\u00e1latos m\u00f3don, nem teltek t\u00fal \u00e9rdekesen. Szinte semmi nem t\u00f6rt\u00e9nt, m\u00e9gis \u00fagy t\u0171nt, hogy a ny\u00e1r a v\u00e9gtelens\u00e9gig tart. Majd k\u00f6z\u00e9pkor\u00fa \u00e9veikbe \u00e9rve, lehet\u0151s\u00e9g\u00fck ny\u00edlt v\u00e1ltozatos programokra \u2013 nyaraik m\u00e9gis mintha f\u00e9nysebess\u00e9ggel rep\u00fcln\u00e9nek el.<\/p>\n<p>Akkor teh\u00e1t nem igaz, hogy egy v\u00e1ltozatos id\u0151szakot hosszabbnak \u00e9rz\u00fcnk, mint egy olyat, amely maga az \u00e1lland\u00f3s\u00e1g? De igaz: ha egyazon \u00e9letkorban hasonl\u00edtunk \u00f6ssze egy vadv\u00edzi evez\u00e9ssel t\u00f6lt\u00f6tt hetet egy szok\u00e1sos munkah\u00e9ttel, akkor biztosan. Az \u00fajdons\u00e1gi hat\u00e1s t\u00e9nyleg er\u0151s. De van m\u00e9g egy n\u00e1la is er\u0151sebb: az \u00e9letkori hat\u00e1s. <span style=\"color: #99cc00\">A gyermekkori heteket az unalom sem gyors\u00edtja fel, az \u00f6regkori \u00e9veket pedig a sz\u00f3rakoz\u00e1s sem lass\u00edtja le igaz\u00e1n. Id\u0151\u00e9szlel\u00e9s\u00fcnkben, \u00fagy t\u0171nik, \u00e9letid\u0151nk mondja ki az utols\u00f3 sz\u00f3t.\u00a0<\/span><\/p>\n<p><span style=\"color: #ffcc00\"><strong>Sz\u00fclet\u00e9snap minden sz\u00f6k\u0151\u00e9vben<\/strong>\u00a0<\/span><\/p>\n<p>Vagy ink\u00e1bb az \u00e9veknek az \u00e9letkorhoz val\u00f3 viszony\u00edt\u00e1sa. <span style=\"color: #99cc00\">Mekkora r\u00e9sze egy \u00e9v egy \u00f6t\u00e9ves gyermek \u00e9let\u00e9nek? Egy\u00f6t\u00f6de. Egy \u00f6tven\u00e9ves ember\u00e9nek viszont m\u00e1r csak \u00f6tvenede.<\/span> Ez a tiszt\u00e1n sz\u00e1mokon alapul\u00f3 magyar\u00e1zat arra, hogy mi\u00e9rt \u00e9rz\u00fcnk egy \u00e9vet egyre r\u00f6videbbnek, James francia kort\u00e1rs\u00e1t\u00f3l, <span style=\"color: #ffcc00\">Pierre Janet<\/span> pszichol\u00f3gust\u00f3l ered.<\/p>\n<p><img class=\"imgright\" style=\"margin-left: 5px\" alt=\"id\u0151\u00e9rz\u00e9kel\u00e9s-Pierre-Janet2_1.jpg\" src=\"http:\/\/m.cdn.blog.hu\/tu\/tudomany\/image\/id%C5%91%C3%A9rz%C3%A9kel%C3%A9s-Pierre-Janet2_1.jpg\" \/>Hasonl\u00f3 gondolatmenet alapj\u00e1n m\u00e1ra egyes tud\u00f3sok megalkott\u00e1k az \u201eeffekt\u00edv \u00e9letkor\u201d fogalm\u00e1t. Ezt a k\u00f6vetkez\u0151k\u00e9ppen vezett\u00e9k le. Legyen a v\u00e1rhat\u00f3 objekt\u00edv \u00e9lettartamunk 80 \u00e9v, \u00e9s a szubjekt\u00edve \u00e1t\u00e9lt v\u00e1rhat\u00f3 \u00e9lettartamunkat is vegy\u00fck \u00f6nk\u00e9nyesen ugyanennyinek, teh\u00e1t 80 \u00e9vnek. Az effekt\u00edv \u00e9letkor a napt\u00e1ri \u00e9letkor logaritmus\u00e1val lesz ar\u00e1nyos. Mivel elvileg minden \u00e9vet r\u00f6videbbnek \u00e9rz\u00fcnk az el\u0151z\u0151n\u00e9l, effekt\u00edv \u00e9letkorunk az els\u0151 \u00e9vben n\u0151 a legt\u00f6bbel, 12,6-tal. A t\u00e1bl\u00e1zatb\u00f3l az is kider\u00fcl, hogy az elm\u00e9let szerint 2 \u00e9ves korunkra m\u00e1r le\u00e9lt\u00fck \u00e9let\u00fcnk negyed\u00e9t, 10 \u00e9ves korunkra a fel\u00e9t, 30 \u00e9ves korunkra pedig t\u00f6bb mint h\u00e1romnegyed\u00e9t! A 60-80 \u00e9ves kor k\u00f6zti szakasz viszont \u00f6sszesen csak 6 sz\u00e1zal\u00e9kot tesz ki. Legal\u00e1bbis ami az \u00e1t\u00e9lt id\u0151 hossz\u00e1t illeti.\u00a0<\/p>\n<table width=\"351\" style=\"width: 351px;height: 560px\" border=\"yellow\">\n<tbody>\n<tr>\n<td width=\"72\">\n<p style=\"text-align: left\">Napt\u00e1ri kor<\/p>\n<\/td>\n<td width=\"84\">\n<p>Effekt\u00edv kor<\/p>\n<\/td>\n<td width=\"48\">\n<p>\u00a0%<\/p>\n<\/td>\n<\/tr>\n<tr>\n<td width=\"72\">\n<p>0<\/p>\n<\/td>\n<td width=\"84\">\n<p>0.0<\/p>\n<\/td>\n<td width=\"48\">\n<p>\u00a0 0<\/p>\n<\/td>\n<\/tr>\n<tr>\n<td width=\"72\">\n<p>1<\/p>\n<\/td>\n<td width=\"84\">\n<p>12.6<\/p>\n<\/td>\n<td width=\"48\">\n<p>16<\/p>\n<\/td>\n<\/tr>\n<tr>\n<td width=\"72\">\n<p>2<\/p>\n<\/td>\n<td width=\"84\">\n<p>20.0<\/p>\n<\/td>\n<td width=\"48\">\n<p>25<\/p>\n<\/td>\n<\/tr>\n<tr>\n<td width=\"72\">\n<p>3<\/p>\n<\/td>\n<td width=\"84\">\n<p>25.2<\/p>\n<\/td>\n<td width=\"48\">\n<p>32<\/p>\n<\/td>\n<\/tr>\n<tr>\n<td width=\"72\">\n<p>4<\/p>\n<\/td>\n<td width=\"84\">\n<p>29.3<\/p>\n<\/td>\n<td width=\"48\">\n<p>37<\/p>\n<\/td>\n<\/tr>\n<tr>\n<td width=\"72\">\n<p>5<\/p>\n<\/td>\n<td width=\"84\">\n<p>32.6<\/p>\n<\/td>\n<td width=\"48\">\n<p>41<\/p>\n<\/td>\n<\/tr>\n<tr>\n<td width=\"72\">\n<p>10<\/p>\n<\/td>\n<td width=\"84\">\n<p>43.7<\/p>\n<\/td>\n<td width=\"48\">\n<p>55<\/p>\n<\/td>\n<\/tr>\n<tr>\n<td width=\"72\">\n<p>15<\/p>\n<\/td>\n<td width=\"84\">\n<p>50.5<\/p>\n<\/td>\n<td width=\"48\">\n<p>63<\/p>\n<\/td>\n<\/tr>\n<tr>\n<td width=\"72\">\n<p>20<\/p>\n<\/td>\n<td width=\"84\">\n<p>55.4<\/p>\n<\/td>\n<td width=\"48\">\n<p>69<\/p>\n<\/td>\n<\/tr>\n<tr>\n<td width=\"72\">\n<p>30<\/p>\n<\/td>\n<td width=\"84\">\n<p>62.5<\/p>\n<\/td>\n<td width=\"48\">\n<p>78<\/p>\n<\/td>\n<\/tr>\n<tr>\n<td width=\"72\">\n<p>40<\/p>\n<\/td>\n<td width=\"84\">\n<p>67.6<\/p>\n<\/td>\n<td width=\"48\">\n<p>85<\/p>\n<\/td>\n<\/tr>\n<tr>\n<td width=\"72\">\n<p>50<\/p>\n<\/td>\n<td width=\"84\">\n<p>71.6<\/p>\n<\/td>\n<td width=\"48\">\n<p>89<\/p>\n<\/td>\n<\/tr>\n<tr>\n<td width=\"72\">\n<p>60<\/p>\n<\/td>\n<td width=\"84\">\n<p>74.8<\/p>\n<\/td>\n<td width=\"48\">\n<p>94<\/p>\n<\/td>\n<\/tr>\n<tr>\n<td width=\"72\">\n<p>70<\/p>\n<\/td>\n<td width=\"84\">\n<p>77.6<\/p>\n<\/td>\n<td width=\"48\">\n<p>97<\/p>\n<\/td>\n<\/tr>\n<tr>\n<td width=\"72\">\n<p>80<\/p>\n<\/td>\n<td width=\"84\">\n<p>80.0<\/p>\n<\/td>\n<td width=\"48\">\n<p>100<\/p>\n<\/td>\n<\/tr>\n<\/tbody>\n<\/table>\n<p>\u00a0<\/p>\n<p>Ebben a modellben kit\u00fcntetett a 17,2 \u00e9ves kor, mert itt az objekt\u00edv \u00e9s a szubjekt\u00edv \u00e9v hossza egybeesik. Am\u00edg ezt a kort el nem \u00e9rj\u00fck, addig nincs alapunk az id\u0151 rep\u00fcl\u00e9s\u00e9re panaszkodni. Vagyis amint elj\u00f6n egy \u00fajabb sz\u00fclet\u00e9snap vagy Szilveszter, nem mondjuk: de hamar elrep\u00fclt ez az \u00e9v is.<\/p>\n<p>Persze lehet, hogy ez a kor nem mindenkin\u00e9l esik pont 17,2-re. Sokan ink\u00e1bb csak 25-30 f\u00f6l\u00f6tt kezdik \u00fagy \u00e9rezni, hogy felgyorsult az id\u0151. Ett\u0151l m\u00e9g az elm\u00e9let l\u00e9nyeg\u00e9t nem kell teljesen elvetni, mivel j\u00f3l le\u00edrja, hogy van egy id\u0151pont az \u00e9let\u00fcnkben, amelyet megel\u0151z\u0151en az id\u0151t szubjekt\u00edve lassabbnak \u00e9rezz\u00fck, ut\u00e1na viszont egyre gyorsabbnak.<\/p>\n<p><img width=\"259\" height=\"337\" class=\"imgleft\" style=\"margin-right: 5px\" alt=\"id\u0151\u00e9rz\u00e9kel\u00e9s-sz\u00fclet\u00e9snapi-torta_1.jpg\" src=\"http:\/\/m.cdn.blog.hu\/tu\/tudomany\/image\/id%C5%91%C3%A9rz%C3%A9kel%C3%A9s-sz%C3%BClet%C3%A9snapi-torta_1.jpg\" \/>A kutat\u00f3k egy formabont\u00f3 \u00f6tlettel is el\u0151\u00e1lltak: <span style=\"color: #99cc00\">mi lenne, ha a napt\u00e1ri korunk helyett az effekt\u00edv korunknak megfelel\u0151 sz\u00fclet\u00e9snapokat \u00fcnnepeln\u00e9nk?<\/span> Persze nem kis t\u00e1rsadalmi ellennyom\u00e1st lek\u00fczdve. \u00c1m a 4-5 \u00e9ves gyerekek biztos nem venn\u00e9k zokon, ha minden \u00e9vszakban lenne egy-egy zs\u00farjuk. Ezt tal\u00e1n csak a sz\u00fcl\u0151k \u00e9rezn\u00e9k t\u00fal gyakorinak. A 7-10 \u00e9vesek is \u00f6r\u00f6mmel venn\u00e9k, ha f\u00e9l\u00e9ves sz\u00fclinapjaik is meg lenn\u00e9nek tartva.<\/p>\n<p>Amikor azt\u00e1n egy \u00e9v t\u00e9nyleg egynek t\u0171nik, 15-20 \u00e9ves korban, \u00e1tt\u00e9rhet\u00fcnk a konvencion\u00e1lis, \u00e9venk\u00e9nti \u00fcnnepekre. Amelyeket azt\u00e1n, abban a pillanatban, hogy \u00fagy \u00e9rezn\u00e9nk, \u201em\u00e1r megint egy sz\u00fclet\u00e9snap\u201d, elkezdhetn\u00e9nk kellemesen ritk\u00edtani. Azok a negyvenesek, akik egy \u00e9vet elvileg m\u00e1r csak f\u00e9lnek \u00e9reznek, eg\u00e9sz term\u00e9szetesnek vehetik majd, hogy k\u00e9t\u00e9vente lesznek felk\u00f6sz\u00f6ntve. A nyolcvanasok \u00e9ve, b\u00e1rmilyen furcsa is, olyan, mint a h\u00faszasok negyed\u00e9ve: ez\u00e9rt \u0151k n\u00e9gy\u00e9vente f\u00fajhatn\u00e1k el a gyerty\u00e1ikat. Ez a bizarrnak t\u0171n\u0151 gyakorlat val\u00f3j\u00e1ban sokkal emberibb l\u00e9pt\u00e9k\u0171, mint a napt\u00e1ri sz\u00fclet\u00e9snapok \u00fcnnepl\u00e9se.<\/p>\n<p>De hogyan v\u00e1ltozhat ez a l\u00e9pt\u00e9k, ha majd egyszer, a technikai \u00e9s orvostudom\u00e1nyi fejl\u0151d\u00e9s r\u00e9v\u00e9n, az ember \u00e9let\u00fatja imm\u00e1r egy millenniumot is fel\u00f6lelhet? Akkor a 999 \u00e9s 1000 k\u00f6zti \u00e9v, az elm\u00e9let alapj\u00e1n, m\u00e1r csak annyinak t\u0171nne, mint egyetlen nap! Lehets\u00e9ges ez? Intu\u00edci\u00f3nk azt mondja, nem: az \u00e1t\u00e9lt id\u0151 r\u00f6vid\u00fcl\u00e9s\u00e9nek csak meg kell \u00e1llnia valahol. \u00c1m az \u00e9vek gyorsul\u00e1sa a legid\u0151sebbek tan\u00fas\u00e1ga szerint folytonos. <span style=\"color: #99cc00\">Ha nem is az 1000, de m\u00e1r a p\u00e1r 100 \u00e9vet meg\u00e9rve is valami nagyon k\u00fcl\u00f6n\u00f6s dolog t\u00f6rt\u00e9nne id\u0151\u00e9rzet\u00fcnkkel. Hacsak nem tudn\u00e1nk ezt is befoly\u00e1solni, p\u00e9ld\u00e1ul agyunk bels\u0151 \u00f3r\u00e1it m\u00f3dos\u00edt\u00f3 szerekkel.\u00a0<\/span><\/p>\n<p><strong><span style=\"color: #ffcc00\">Bel\u00fcl lass\u00fa, k\u00edv\u00fcl gyors: az id\u0151paradoxon<\/span><\/strong><\/p>\n<p><span style=\"color: #ffcc00\">Susan Finch<\/span> \u00e9s <span style=\"color: #ffcc00\">Linda Pring<\/span> londoni pszichol\u00f3gusok 1997-ben k\u00e9t csoport eml\u00e9kezet\u00e9t hasonl\u00edtott\u00e1k \u00f6ssze. Az els\u0151 csoportban az \u00e1tlag\u00e9letkor 39, a m\u00e1sodikban 67 \u00e9v volt. Vajon hogyan tudnak dat\u00e1lni h\u00fasz olyan esem\u00e9nyt, amely a brit sajt\u00f3ban a f\u0151 h\u00edrek k\u00f6zt szerepelt, mint p\u00e9ld\u00e1ul: Csernobil, John Lennon, valamint Indira Gandhi meggyilkol\u00e1sa, az Apollo 13 felrobban\u00e1sa, a Fal leoml\u00e1sa. Meglep\u0151 m\u00f3don, az id\u0151sebbek sokkal kor\u00e1bbra tett\u00e9k az esem\u00e9nyeket, mint amikor azok t\u00f6rt\u00e9ntek. Mintha az\u00f3ta m\u00e9g t\u00f6bb \u00e9v telt volna el. Azaz: mintha az idej\u00fck felgyorsult volna? A kutat\u00f3n\u0151k \u00f3vakodtak egy ilyen k\u00f6vetkeztet\u00e9s kimond\u00e1s\u00e1t\u00f3l. Ami \u00e9rthet\u0151, hiszen az ellent\u00e9tes tapasztalat is ugyanilyen k\u00f6vetkeztet\u00e9shez vezethetne: ha valaki egy \u00f6t \u00e9ve t\u00f6rt\u00e9nt esem\u00e9nyr\u0151l azt hinn\u00e9, k\u00e9t \u00e9ve volt, \u00e9pp azon kezdene csod\u00e1lkozni, amikor t\u00e9ved\u00e9se kider\u00fcl, hogy milyen gyorsan telik az id\u0151!<\/p>\n<p>Tal\u00e1n t\u00f6bbre jutunk, ha k\u00f6zelebbr\u0151l vessz\u00fck szem\u00fcgyre, <span style=\"color: #99cc00\">hogyan is j\u00e1rnak a bels\u0151 \u00f3r\u00e1k fiatalokn\u00e1l \u00e9s id\u0151sekn\u00e9l.<\/span> Ehhez r\u00f6vid id\u0151tartamok becsl\u00e9s\u00e9re van sz\u00fcks\u00e9g.<\/p>\n<p><span style=\"color: #ffcc00\">Peter Mangan<\/span> pszichol\u00f3gia-professzor (\u00c9szak-arizonai Egyetem) 1996-os k\u00eds\u00e9rlet\u00e9ben a 19-25, \u00e9s 60-80 \u00e9ves alanyoknak l\u00e1tsz\u00f3lag egyszer\u0171 feladatuk volt: jelz\u00e9s ut\u00e1n tal\u00e1lj\u00e1k ki, mikor telt el 3 perc, \u00e9s akkor mondj\u00e1k azt: \u201estop\u201d. K\u00f6zben nem sz\u00e1molhatt\u00e1k a m\u00e1sodperceket. A fiatalok igen pontosnak bizonyultak: \u00e1tlagosan 3 perc 3 m\u00e1sodperc ut\u00e1n sz\u00f3ltak. Az id\u0151sebbek viszont csak 3 perc 40 m\u00e1sodperc ut\u00e1n! Vagyis ahogy id\u0151s\u00f6d\u00fcnk, az id\u0151 egyre gyorsabbnak t\u0171nik, mert egyre ink\u00e1bb hajlamosak vagyunk al\u00e1becs\u00fclni a tartamokat. <span style=\"color: #99cc00\">Ha teh\u00e1t a fiatalok azt mondj\u00e1k: \u201eeddig\u201d, az id\u0151sek erre \u201em\u00e1ris?\u201d-sal reag\u00e1lnak. \u201eHogy telik az id\u0151!\u201d<\/span><\/p>\n<p>M\u00e9g meglep\u0151bb eredm\u00e9nnyel szolg\u00e1lt <span style=\"color: #ffcc00\">Sylvie Droit-Volet<\/span> (Clermont-ferrandi Egyetem, CNRS) k\u00eds\u00e9rlete. Fiatal feln\u0151tteknek mutatott f\u00e9nyk\u00e9peket, hol vel\u00fck egykor\u00faak\u00e9it, hol id\u0151sek\u00e9it. Arra k\u00e9rte az alanyokat, becs\u00fclj\u00e9k meg, mennyi ideig n\u00e9zt\u00e9k a k\u00e9peket. <span style=\"color: #99cc00\">A fiatalok rendre al\u00e1becs\u00fclt\u00e9k azt az id\u0151t, am\u00edg az id\u0151sek fot\u00f3it n\u00e9zt\u00e9k. Tal\u00e1n tudattalanul \u201e\u00e1tvett\u00e9k\u201d a k\u00e9pen l\u00e1that\u00f3 szem\u00e9ly id\u0151\u00e9szlel\u00e9s\u00e9t? Hihetetlennek t\u0171nik, m\u00e9gis, az alanyok \u00f3r\u00e1ja mintha az id\u0151sek\u00e9nek megfelel\u0151en, lassabban kezdett volna el ketyegni.<\/span><\/p>\n<p>Van-e biol\u00f3giai oka ennek a lassul\u00e1snak? <span style=\"color: #ffcc00\">Warren Meck<\/span> (Duke Egyetem, Durham) szerint <span style=\"color: #99cc00\">a dopamin-termel\u00e9s al\u00e1bbhagy\u00e1sa<\/span> az oka annak, hogy az id\u0151sekben <span style=\"color: #99cc00\">a bels\u0151 \u00f3r\u00e1k lassabban j\u00e1rnak.<\/span> Kevesebb dopamin mellett ugyanis <span style=\"color: #99cc00\">az idegrendszer bizonyos \u00e1ramk\u00f6reiben cs\u00f6kken a vezet\u00e9si sebess\u00e9g.\u00a0<\/span><\/p>\n<p><strong><span style=\"color: #ffcc00\">Futurista bolond\u00f3ra<\/span><\/strong><\/p>\n<p><img width=\"307\" height=\"230\" class=\"imgleft\" style=\"margin-right: 5px\" alt=\"id\u0151\u00e9rz\u00e9kel\u00e9s-.gif\" src=\"http:\/\/m.cdn.blog.hu\/tu\/tudomany\/image\/id%C5%91%C3%A9rz%C3%A9kel%C3%A9s-.gif\" \/>Ugorjunk ism\u00e9t a t\u00e1voli j\u00f6v\u0151be. <span style=\"color: #ffcc00\">John Burch<\/span> nanom\u00e9rn\u00f6k j\u00f3slata szerint 2030-ra lehets\u00e9gess\u00e9 v\u00e1lik, hogy agysejtjeinket olyan nanotechnol\u00f3giai szerkezetekkel helyettes\u00edts\u00fck, amelyek szinte romolhatatlanok. Ez a futurisztikus agy lehet\u0151v\u00e9 teheti, hogy kontroll\u00e1ljuk gondolataink sebess\u00e9g\u00e9t. 100 milliszekundum helyett, amely biol\u00f3giai sejtjeink v\u00e1laszideje, 50 nanoszekundumra is felugorhatn\u00e1nk, vagyis <span style=\"color: #99cc00\">agyunk 20 milli\u00f3szor lehetne gyorsabb a jelenlegin\u00e9l.<\/span> De vajon ha ilyen temp\u00f3ban gondolkodn\u00e1nk, akkor sz\u00e1munkra a vil\u00e1g 20 milli\u00f3szor lassabbnak t\u0171nne? Nem biztos, de az k\u00f6nnyen <span style=\"color: #99cc00\">lehet, hogy egy \u00f3r\u00e1t egy eg\u00e9sz napnak \u00e9rezn\u00e9nk, vagy m\u00e9g hosszabbnak.<\/span> Mindenesetre sokkal t\u00f6bb mindent tudn\u00e1nk v\u00e9giggondolni \u00faj agyunkkal.<\/p>\n<p><span style=\"color: #99cc00\">Val\u00f3j\u00e1ban mindenki, aki valamilyen \u00e9l\u00e9nk\u00edt\u0151 szert fogyaszt, p\u00e9ld\u00e1ul koffeint, ennek a bels\u0151 gyorsas\u00e1gnak is rabja. Akkor \u00e9rzi mag\u00e1t optim\u00e1lisan, ha bels\u0151 \u00f3r\u00e1it kicsit t\u00falh\u00fazhatja. A koffeinnek sokakn\u00e1l m\u00e9rhet\u0151 hat\u00e1sa is van az id\u0151becsl\u00e9sre. Kipr\u00f3b\u00e1lhatjuk magunkon is a 3 perces k\u00eds\u00e9rletet, k\u00e1v\u00e9 el\u0151tt, majd k\u00e1v\u00e9 ut\u00e1n. Lehet, hogy perceink meghosszabbodnak?\u00a0<\/span><\/p>\n<p><strong><span style=\"color: #ffcc00\">T\u00e1gul\u00f3 id\u0151<\/span><\/strong>\u00a0<\/p>\n<p>Lehet. De nem annyira, hogy ennek tudat\u00e1ban is legy\u00fcnk. A mindennapokban bels\u0151 \u00f3r\u00e1nk n\u00e9ha lassul, n\u00e9ha gyorsul. P\u00e9ld\u00e1ul melegben gyorsabb, mint hidegben, l\u00e1zas \u00e1llapotban pedig m\u00e9g sebesebben j\u00e1r. Ezek a v\u00e1ltoz\u00e1sok azonban \u00e9szrev\u00e9tlenek maradnak. Mindaddig, am\u00edg nem szembes\u00fcl\u00fcnk valamivel, ami teljes m\u00e9rt\u00e9kben kiz\u00f6kkenti benn\u00fcnk az id\u0151t.<\/p>\n<p><span style=\"color: #99cc00\">Azok, akik aut\u00f3balesetet szenvednek, gyakran sz\u00e1molnak be arr\u00f3l, hogy az \u00fctk\u00f6z\u00e9s el\u0151tti pillanatokban mintha mindent lass\u00edtott felv\u00e9telen l\u00e1ttak volna. A \u201emintha megfagyott volna az id\u0151\u201d jelens\u00e9g\u00e9t kataklizmatikus esem\u00e9nyekn\u00e9l a filmk\u00e9sz\u00edt\u0151k is kihaszn\u00e1lj\u00e1k: lelass\u00edtj\u00e1k a film vet\u00edt\u00e9s\u00e9t, amikor baleseteket, harct\u00e9ri t\u00e1mad\u00e1sokat vagy katasztr\u00f3f\u00e1kat \u00e1br\u00e1zolnak.<\/span><\/p>\n<p><span style=\"color: #ffcc00\">David Eagleman<\/span> (Baylor Eg\u00e9szs\u00e9g\u00fcgyi Egyetem,Houston) \u00edr\u00f3, kutat\u00f3 maga is hasonl\u00f3t tapasztalt meg, amikor fiatal kor\u00e1ban egyszer leesett a tet\u0151r\u0151l: \u00fagy \u00e9rezte, hogy lelassult az id\u0151. Ekkort\u00f3l kezdte \u00e9rdekelni az id\u0151\u00e9szlel\u00e9s. T\u00e9nyleg lehets\u00e9ges, hogy maga az id\u0151 v\u00e1lik lassabb\u00e1 agyunkban? Ezt tesztelte\u00a0nem \u00e9ppen szokv\u00e1nyos k\u00eds\u00e9rlet\u00e9ben.<\/p>\n<p>Ennek sor\u00e1n alanyainak 150 l\u00e1b magasra kellett felm\u00e1szniuk, majd innen szabades\u00e9sben zuhanniuk. Igaz, hogy v\u00e9d\u0151h\u00e1l\u00f3ra \u00e9rkeztek, de k\u00e9pzelj\u00fck csak el, milyen lehet egy toronyh\u00e1z tetej\u00e9r\u0151l ily m\u00f3don leesni. A kutat\u00f3, aki maga is kipr\u00f3b\u00e1lta, mekkora p\u00e1nikot okoz ez az \u00e9lm\u00e9ny, m\u00e9g egy eml\u00e9kezeti feladatot is r\u00f3tt alanyaira. Karjukra egy k\u00e9perny\u0151t er\u0151s\u00edtett, amelyen es\u00e9s k\u00f6zben sz\u00e1mok jelentek meg. Vajon t\u00f6bbet tudnak-e leolvasni r\u00f3la, mint ugyanennyi id\u0151 alatt, nyugalomban? Hiszen ha t\u00e9nyleg lelassulna sz\u00e1mukra az id\u0151 az es\u00e9s alatt, akkor t\u00f6bb id\u0151 \u00e1llna rendelkez\u00e9s\u00fckre a sz\u00e1mok megjegyz\u00e9s\u00e9re, mivel n\u0151ne az ingerfeldolgoz\u00e1s id\u0151i felbont\u00e1sa.<\/p>\n<p>Ezt azonban nem siker\u00fclt al\u00e1t\u00e1masztani. Az alanyok ugyan rendre azt \u00e1ll\u00edtott\u00e1k, hogy az id\u0151 lelassult, \u00e9s mindannyian t\u00falbecs\u00fclt\u00e9k a zuhan\u00e1sban t\u00f6lt\u00f6tt id\u0151t, de nem eml\u00e9keztek t\u00f6bb sz\u00e1mra, mint nyugalmi helyzetben. Eagleman szerint ez azt mutatja, hogy <span style=\"color: #99cc00\">az id\u0151lassul\u00e1s puszta ill\u00fazi\u00f3.<\/span> Amelynek oka, hogy \u00e9letvesz\u00e9lyben, vagy erre eml\u00e9keztet\u0151 helyzetekben agyunk hirtelen egy nagyon er\u0151s \u00e9s szokatlan ingernek van kit\u00e9ve.<\/p>\n<p style=\"text-align: center\"><iframe width=\"480\" height=\"270\" src=\"\/\/www.youtube.com\/embed\/mP5RJA9oKro?feature=player_detailpage\" frameborder=\"0\"><\/iframe><\/p>\n<p>Eagleman nem szabades\u00e9sben, hanem nyugalomban l\u00e9v\u0151 emberekn\u00e9l is kimutatta, hogy az <span style=\"color: #99cc00\">\u00faj ingerekr\u0151l azt hiszik: hosszabb ideig tartanak, mint a r\u00e9giek. Ennek oka, hogy az \u00faj ingerek k\u00f3dol\u00e1s\u00e1ba agyunknak t\u00f6bb energi\u00e1t kell befektetnie.<\/span><\/p>\n<p>Ism\u00e9t visszakanyarodtunk teh\u00e1t az \u00fajdons\u00e1gi hat\u00e1shoz, amelyr\u0151l William James \u00fagy sejtette, hogy hossz\u00fa t\u00e1von is\u00a0befoly\u00e1solja id\u0151becsl\u00e9s\u00fcnket. B\u00e1r szerint\u00fcnk a bels\u0151 \u00f3r\u00e1k magyar\u00e1zz\u00e1k jobban, mi\u00e9rt telnek lassabban a fiatalkori \u00e9vek, az \u00fajdons\u00e1gi hat\u00e1snak is lehet szerepe. <span style=\"color: #99cc00\">Fiatalon minden egyes \u00faj \u00e9lm\u00e9ny m\u00e9g jobban megl\u00f3d\u00edtja a bels\u0151 \u00f3r\u00e1k mutat\u00f3it, r\u00e1ad\u00e1sul ebben a korban jellemz\u0151bb az \u00fajdons\u00e1gok keres\u00e9se \u00e9s hat\u00e9konyabb azok k\u00f3dol\u00e1sa. Nem besz\u00e9lve arr\u00f3l, amikor valamib\u0151l az els\u0151t tapasztaljuk meg: ezek az esem\u00e9nyek, hacsak nem vesznek el a korai \u00e9vek amn\u00e9zi\u00e1j\u00e1ban, igen r\u00e9szletes \u00e9s \u00e9l\u00e9nk nyomot hagynak. Gondoljunk az els\u0151 cs\u00f3kra: mennyi benyom\u00e1s \u00e9s \u00e9rz\u00e9s, ami m\u00e1r nem mondhat\u00f3 el mondjuk a 136-ikr\u00f3l.<\/span> De az els\u0151 biol\u00f3gia\u00f3r\u00e1r\u00f3l sem felt\u00e9tlen\u00fcl. Az \u201eels\u0151k\u201d csak akkor kit\u00fcntetettek, ha emocion\u00e1lis \u00e9rintetts\u00e9g\u00fcnk magas. Akkor az eml\u00e9k szinte kit\u00f6r\u00f6lhetetlen\u00fcl be\u00e9geti mag\u00e1t idegsejt-h\u00e1l\u00f3zatainkba. Fiatal korunkban tipikusan t\u00f6bb mindent \u00e9l\u00fcnk meg els\u0151k\u00e9nt, \u00e9s az ilyen eml\u00e9kek s\u0171r\u0171s\u00e9ge is hozz\u00e1j\u00e1rul az id\u0151 lass\u00fanak tetsz\u0151 h\u00f6mp\u00f6lyg\u00e9s\u00e9hez.\u00a0<\/p>\n<p><strong><span style=\"color: #ffcc00\">Lass\u00edtsunk\u00a0<\/span><\/strong><\/p>\n<p><img width=\"310\" height=\"265\" class=\"imgright\" style=\"margin-left: 5px\" alt=\"id\u0151\u00e9rz\u00e9kel\u00e9s-jap\u00e1n-medit\u00e1ci\u00f3_1.jpg\" src=\"http:\/\/m.cdn.blog.hu\/tu\/tudomany\/image\/id%C5%91%C3%A9rz%C3%A9kel%C3%A9s-jap%C3%A1n-medit%C3%A1ci%C3%B3_1.jpg\" \/><\/p>\n<p>\u00c9rdemes-e n\u00f6velni id\u0151tudatoss\u00e1gunkat? Az id\u0151-menedzsment ma egyre divatosabb, teh\u00e1t a v\u00e1lasz t\u00f6m\u00f6ren: \u00e9rdemes. De \u00e9pp\u00edgy fontos, hogy meg is tudjunk feledkezni az id\u0151r\u0151l. <span style=\"color: #99cc00\">Sokan m\u00e1r az id\u0151tlens\u00e9get is be\u00e9p\u00edtik id\u0151beoszt\u00e1sukba.<\/span> A jap\u00e1n \u00fczletember \u00e9vente egy h\u00f3napra zen-kolostorba vonul. A nyugati \u00fczletemberek egy r\u00e9tege pedig relax\u00e1l, medit\u00e1l, hogy felt\u00f6lt\u0151dj\u00f6n, s visszat\u00e9rve az id\u0151be, jobban tudjon koncentr\u00e1lni, d\u00f6nt\u00e9st hozni, jelenl\u00e9t\u00e9nek tudat\u00e1ban lenni. A\u00a0tudat m\u00falt \u00e9s j\u00f6v\u0151 k\u00f6zti ing\u00e1z\u00e1s\u00e1t f\u0151leg f\u00e9lelmek \u00e9s v\u00e1gyak mozgatj\u00e1k.<span style=\"color: #99cc00\"> Ezt az ing\u00e1z\u00e1st csillap\u00edtja a medit\u00e1ci\u00f3, amikor hagyjuk, hogy a gondolatok felmer\u00fcljenek \u00e9s tova\u00e1lljanak, s a tudat\u00e1raml\u00e1s foly\u00f3ja elsz\u00e1ll\u00edtsa a m\u00falt hordal\u00e9kait.<\/span><\/p>\n<p><strong><span style=\"color: #ffcc00\">Gyors\u00edtsunk<\/span><\/strong>\u00a0<\/p>\n<p>Amit az id\u0151-menedzsmentr\u0151l, vagy medit\u00e1ci\u00f3r\u00f3l \u00edrtunk, nem \u00e9ppen \u00faj, noha n\u00e9ha \u00edgy adj\u00e1k el nek\u00fcnk. Hogy meg tudjunk feledkezni az id\u0151r\u0151l, ehhez el\u00e9g n\u00e9h\u00e1ny \u0151si tan\u00edt\u00e1st ismern\u00fcnk. Mire j\u00f3 akkor mindaz, amit \u00fajonnan fedeztek fel a kutat\u00f3k? Ha minden\u00e1ron haszn\u00e1t akarjuk l\u00e1tni, \u00edme.<\/p>\n<p>Szeretn\u00e9nk magunkat j\u00f3l \u00e9rezni, de erre sem k\u00fcl\u00f6n\u00f6sebb okunk, sem technik\u00e1nk nincs? El\u00e9g, ha megteremtj\u00fck annak ill\u00fazi\u00f3j\u00e1t, hogy \u00e9pp most rep\u00fcl az id\u0151! A bizony\u00edt\u00e9k: egy ostoba feladat vonz\u00f3nak t\u0171nt, ha az alanyok azt hitt\u00e9k, 20 percig tart majd, de 10 perc ut\u00e1n azt mondt\u00e1k, ennyi volt a 20. Ha el\u0151tte azt mondt\u00e1k, 5 perc lesz, de szint\u00e9n 10 perc ut\u00e1n \u00e1ll\u00edtott\u00e1k le \u0151ket, ugyanazt a feladatot unalmasnak tal\u00e1lt\u00e1k. Kedvenc zenesz\u00e1mukat pedig m\u00e9g jobban \u00e9lvezt\u00e9k azok, akiknek eset\u00e9ben a lej\u00e1tsz\u00f3n l\u00e9v\u0151 kis \u00f3r\u00e1t gyorsabbra \u00e1ll\u00edtottak, mint akik\u00e9t lassabbra.<\/p>\n<p>Hogy lehet ez? <span style=\"color: #99cc00\">Hagyom\u00e1nyosan agyunk a k\u00f6vetkez\u0151 rug\u00f3ra j\u00e1r. Amikor j\u00f3l \u00e9rezz\u00fck magunkat, rep\u00fcl az id\u0151, amikor unatkozunk, akkor v\u00e1nszorog. Ez ugye az egyik leggyakoribb id\u0151-k\u00f6zhely\u00fcnk. De hogy ford\u00edtva is m\u0171k\u00f6dik, ez \u00e9ppen olyan, mint az ism\u00e9t csak William James elm\u00e9let\u00e9n alapul\u00f3 \u00f6tlet: mosolyogjunk, \u00e9s att\u00f3l j\u00f3 kedv\u00fcnk lesz.\u00a0<\/span><\/p>\n<p>Jakabffy \u00c9va<\/p>\n<p>\u00a0<\/p>","type":"rich"}